{"type":"video","version":"1.0","provider_name":"Network.hu","provider_url":"http:\/\/network.hu\/","title":"Mata Hari","author_name":"kustragabor","author_url":"http:\/\/network.hu\/kustragabor","html":"&lt;object width=&quot;424&quot; height=&quot;345&quot;&gt;&lt;param name=&quot;movie&quot; value=&quot;http:\/\/belyeggyujto.network.hu\/flash\/videoplayer\/video.swf?videoid=701050&amp;amp;pvol=40&amp;amp;plang=hu&amp;amp;host=http:\/\/belyeggyujto.network.hu&quot; \/&gt;&lt;param name=&quot;allowscriptaccess&quot; value=&quot;always&quot; \/&gt;&lt;param name=&quot;allowfullscreen&quot; value=&quot;true&quot; \/&gt;&lt;embed src=&quot;http:\/\/belyeggyujto.network.hu\/flash\/videoplayer\/video.swf?videoid=701050&amp;amp;pvol=40&amp;amp;plang=hu&amp;amp;host=http:\/\/belyeggyujto.network.hu&quot; width=&quot;424&quot; height=&quot;345&quot; allowscriptaccess=&quot;always&quot; allowfullscreen=&quot;true&quot; \/&gt;&lt;\/object&gt;","width":424,"height":345,"description":"Megsz\u00fcletett Hollandi\u00e1ban Mata Hari, a h\u00edres els\u0151 vil\u00e1gh\u00e1bor\u00fas t\u00e1ncosn\u0151, kurtiz\u00e1n \u00e9s k\u00e9m.\r\n142 \u00e9ve\r\nSz\u00fcletett, T\u00f6rt\u00e9nelem, N\u0151\r\n1876. 08. 07.\r\n\r\nMata Hari, eredeti polg\u00e1ri nev\u00e9n Margaretha Geertruida (Grietje) Zelle (1876. augusztus 7., Leeuwarden \u2013 1917. okt\u00f3ber 15., P\u00e1rizs) hollandiai sz\u00fclet\u00e9s\u0171 b\u00e1rt\u00e1ncosn\u0151. A francia hadb\u00edr\u00f3s\u00e1g 1917-ben a N\u00e9met Birodalom jav\u00e1ra v\u00e9gzett k\u00e9mked\u00e9s v\u00e1dj\u00e1ban b\u0171n\u00f6snek tal\u00e1lta \u00e9s kiv\u00e9geztette.\r\n\r\nSz\u00e1rmaz\u00e1s\u00e1t sokan hollandnak tartj\u00e1k, val\u00f3j\u00e1ban fr\u00edz[7] nemzetis\u00e9g\u0171 volt, amely a hollanddal rokon, de \u00f6n\u00e1ll\u00f3 germ\u00e1n n\u00e9pcsoport. ","thumbnail_url":"http:\/\/vds.network.hu\/clubvideo\/7\/1\/_\/701050_12838_2.jpg","thumbnail_width":80,"thumbnail_height":60,"video_id":"701050"}